{"id":2088,"date":"2024-12-02T16:55:34","date_gmt":"2024-12-02T16:55:34","guid":{"rendered":"https:\/\/esthesia.it\/faq\/"},"modified":"2024-12-10T13:08:10","modified_gmt":"2024-12-10T13:08:10","slug":"faq","status":"publish","type":"page","link":"https:\/\/esthesia.it\/es\/faq\/","title":{"rendered":"FAQ"},"content":{"rendered":"\t\t<div data-elementor-type=\"wp-page\" data-elementor-id=\"2088\" class=\"elementor elementor-2088 elementor-2045\" data-elementor-post-type=\"page\">\n\t\t\t\t\t\t<section class=\"elementor-section elementor-top-section elementor-element elementor-element-5e682dec elementor-section-boxed elementor-section-height-default elementor-section-height-default\" data-id=\"5e682dec\" data-element_type=\"section\" data-settings=\"{&quot;background_background&quot;:&quot;classic&quot;}\">\n\t\t\t\t\t\t<div class=\"elementor-container elementor-column-gap-default\">\n\t\t\t\t\t<div class=\"elementor-column elementor-col-100 elementor-top-column elementor-element elementor-element-5914faf0\" data-id=\"5914faf0\" data-element_type=\"column\" data-settings=\"{&quot;background_background&quot;:&quot;classic&quot;}\">\n\t\t\t<div class=\"elementor-widget-wrap elementor-element-populated\">\n\t\t\t\t\t<div class=\"elementor-background-overlay\"><\/div>\n\t\t\t\t\t\t<div class=\"elementor-element elementor-element-3e9c43a2 elementor-invisible elementor-widget elementor-widget-heading\" data-id=\"3e9c43a2\" data-element_type=\"widget\" data-settings=\"{&quot;_animation&quot;:&quot;fadeInUp&quot;,&quot;_animation_delay&quot;:200}\" data-widget_type=\"heading.default\">\n\t\t\t\t<div class=\"elementor-widget-container\">\n\t\t\t\t\t<h1 class=\"elementor-heading-title elementor-size-default\">FAQ<\/h1>\t\t\t\t<\/div>\n\t\t\t\t<\/div>\n\t\t\t\t\t<\/div>\n\t\t<\/div>\n\t\t\t\t\t<\/div>\n\t\t<\/section>\n\t\t\t\t<section class=\"elementor-section elementor-top-section elementor-element elementor-element-1cd3bea1 elementor-section-boxed elementor-section-height-default elementor-section-height-default\" data-id=\"1cd3bea1\" data-element_type=\"section\">\n\t\t\t\t\t\t<div class=\"elementor-container elementor-column-gap-default\">\n\t\t\t\t\t<div class=\"elementor-column elementor-col-66 elementor-top-column elementor-element elementor-element-57901c27 elementor-invisible\" data-id=\"57901c27\" data-element_type=\"column\" data-settings=\"{&quot;animation&quot;:&quot;fadeIn&quot;,&quot;animation_delay&quot;:200}\">\n\t\t\t<div class=\"elementor-widget-wrap elementor-element-populated\">\n\t\t\t\t\t\t<div class=\"elementor-element elementor-element-29057698 elementor-widget elementor-widget-heading\" data-id=\"29057698\" data-element_type=\"widget\" data-widget_type=\"heading.default\">\n\t\t\t\t<div class=\"elementor-widget-container\">\n\t\t\t\t\t<h2 class=\"elementor-heading-title elementor-size-default\">Preguntas frecuentes<\/h2>\t\t\t\t<\/div>\n\t\t\t\t<\/div>\n\t\t\t\t<div class=\"elementor-element elementor-element-2097584 elementor-widget-divider--view-line elementor-widget elementor-widget-divider\" data-id=\"2097584\" data-element_type=\"widget\" data-widget_type=\"divider.default\">\n\t\t\t\t<div class=\"elementor-widget-container\">\n\t\t\t\t\t\t\t<div class=\"elementor-divider\">\n\t\t\t<span class=\"elementor-divider-separator\">\n\t\t\t\t\t\t<\/span>\n\t\t<\/div>\n\t\t\t\t\t\t<\/div>\n\t\t\t\t<\/div>\n\t\t\t\t<div class=\"elementor-element elementor-element-6252a4ac elementor-widget elementor-widget-elementskit-accordion\" data-id=\"6252a4ac\" data-element_type=\"widget\" data-widget_type=\"elementskit-accordion.default\">\n\t\t\t\t<div class=\"elementor-widget-container\">\n\t\t\t\t\t<div class=\"ekit-wid-con\" >\n        <div class=\"elementskit-accordion accoedion-primary\" id=\"accordion-69f32cf3d78c7\">\n\n            \n                <div class=\"elementskit-card active\">\n                    <div class=\"elementskit-card-header\" id=\"primaryHeading-0-6252a4ac\">\n                        <a href=\"#collapse-f8a3aa069f32cf3d78c7\" class=\"ekit-accordion--toggler elementskit-btn-link collapsed\" data-ekit-toggle=\"collapse\" data-target=\"#Collapse-f8a3aa069f32cf3d78c7\" aria-expanded=\"true\" aria-controls=\"Collapse-f8a3aa069f32cf3d78c7\">\n                            \n                            <span class=\"ekit-accordion-title\">\u00bfPuedo lavarme el pelo despu\u00e9s del tratamiento? \u00bfCu\u00e1ndo? <\/span>\n\n                            \n                                <div class=\"ekit_accordion_icon_group\">\n                                    <div class=\"ekit_accordion_normal_icon\">\n                                        <!-- Normal Icon -->\n\t\t\t\t\t\t\t\t\t\t<i class=\" las la-chevron-down\"><\/i>                                    <\/div>\n\n                                    <div class=\"ekit_accordion_active_icon\">\n                                        <!-- Active Icon -->\n\t\t\t\t\t\t\t\t\t\t<i class=\" las la-chevron-up\"><\/i>                                    <\/div>\n                                <\/div>\n\n                            \n                                                    <\/a>\n                    <\/div>\n\n                    <div id=\"Collapse-f8a3aa069f32cf3d78c7\" class=\" show collapse\" aria-labelledby=\"primaryHeading-0-6252a4ac\" data-parent=\"#accordion-69f32cf3d78c7\">\n\n                        <div class=\"elementskit-card-body ekit-accordion--content\">\n                            <p>Te recomendamos esperar como m\u00ednimo 2 d\u00edas antes de mojar el pelo. Durante este tiempo, la pel\u00edcula protectora que se crea alrededor del cabello a\u00fan no est\u00e1 completamente estable y un lavado antes de tiempo podr\u00eda reducir la duraci\u00f3n del tratamiento. Al final del <strong>Protein Straightening Treatment<\/strong>, el pelo queda limpio, por lo que no es necesario lavarlo inmediatamente.  <\/p>\n                        <\/div>\n\n                    <\/div>\n\n                <\/div><!-- .elementskit-card END -->\n\n                \n                <div class=\"elementskit-card \">\n                    <div class=\"elementskit-card-header\" id=\"primaryHeading-1-6252a4ac\">\n                        <a href=\"#collapse-98cee6969f32cf3d78c7\" class=\"ekit-accordion--toggler elementskit-btn-link collapsed\" data-ekit-toggle=\"collapse\" data-target=\"#Collapse-98cee6969f32cf3d78c7\" aria-expanded=\"false\" aria-controls=\"Collapse-98cee6969f32cf3d78c7\">\n                            \n                            <span class=\"ekit-accordion-title\">\u00bfQu\u00e9 tipo de champ\u00fa o acondicionador deber\u00eda usar?<\/span>\n\n                            \n                                <div class=\"ekit_accordion_icon_group\">\n                                    <div class=\"ekit_accordion_normal_icon\">\n                                        <!-- Normal Icon -->\n\t\t\t\t\t\t\t\t\t\t<i class=\" las la-chevron-down\"><\/i>                                    <\/div>\n\n                                    <div class=\"ekit_accordion_active_icon\">\n                                        <!-- Active Icon -->\n\t\t\t\t\t\t\t\t\t\t<i class=\" las la-chevron-up\"><\/i>                                    <\/div>\n                                <\/div>\n\n                            \n                                                    <\/a>\n                    <\/div>\n\n                    <div id=\"Collapse-98cee6969f32cf3d78c7\" class=\" collapse\" aria-labelledby=\"primaryHeading-1-6252a4ac\" data-parent=\"#accordion-69f32cf3d78c7\">\n\n                        <div class=\"elementskit-card-body ekit-accordion--content\">\n                            <\/p>\n<p>Es fundamental utilizar el champ\u00fa de mantenimiento <strong>Protein Maintaining Shampoo Lenis<\/strong>, un producto delicado sin sales ni sulfatos formulado para proteger la pel\u00edcula creada por el tratamiento.\u2028Despu\u00e9s del champ\u00fa, te recomendamos aplicar la <strong>Protein Maintaining Mask<\/strong> para enriquecer la pel\u00edcula exterior y prolongar los efectos del tratamiento.<\/p>\n                        <\/div>\n\n                    <\/div>\n\n                <\/div><!-- .elementskit-card END -->\n\n                \n                <div class=\"elementskit-card \">\n                    <div class=\"elementskit-card-header\" id=\"primaryHeading-2-6252a4ac\">\n                        <a href=\"#collapse-15b2d2e69f32cf3d78c7\" class=\"ekit-accordion--toggler elementskit-btn-link collapsed\" data-ekit-toggle=\"collapse\" data-target=\"#Collapse-15b2d2e69f32cf3d78c7\" aria-expanded=\"false\" aria-controls=\"Collapse-15b2d2e69f32cf3d78c7\">\n                            \n                            <span class=\"ekit-accordion-title\">\u00bfPuedo hacerme una coleta o recogerme el pelo?<\/span>\n\n                            \n                                <div class=\"ekit_accordion_icon_group\">\n                                    <div class=\"ekit_accordion_normal_icon\">\n                                        <!-- Normal Icon -->\n\t\t\t\t\t\t\t\t\t\t<i class=\" las la-chevron-down\"><\/i>                                    <\/div>\n\n                                    <div class=\"ekit_accordion_active_icon\">\n                                        <!-- Active Icon -->\n\t\t\t\t\t\t\t\t\t\t<i class=\" las la-chevron-up\"><\/i>                                    <\/div>\n                                <\/div>\n\n                            \n                                                    <\/a>\n                    <\/div>\n\n                    <div id=\"Collapse-15b2d2e69f32cf3d78c7\" class=\" collapse\" aria-labelledby=\"primaryHeading-2-6252a4ac\" data-parent=\"#accordion-69f32cf3d78c7\">\n\n                        <div class=\"elementskit-card-body ekit-accordion--content\">\n                            <p>No est\u00e1 contraindicado, pero es mejor esperar como m\u00ednimo 2 d\u00edas antes de hacerte una coleta apretada. <br \/>Si quieres hacerte un recogido poco apretado, puedes hacerlo tranquilamente desde el primer d\u00eda.<\/p>\n                        <\/div>\n\n                    <\/div>\n\n                <\/div><!-- .elementskit-card END -->\n\n                \n                <div class=\"elementskit-card \">\n                    <div class=\"elementskit-card-header\" id=\"primaryHeading-3-6252a4ac\">\n                        <a href=\"#collapse-e43022169f32cf3d78c7\" class=\"ekit-accordion--toggler elementskit-btn-link collapsed\" data-ekit-toggle=\"collapse\" data-target=\"#Collapse-e43022169f32cf3d78c7\" aria-expanded=\"false\" aria-controls=\"Collapse-e43022169f32cf3d78c7\">\n                            \n                            <span class=\"ekit-accordion-title\">\u00bfPuedo utilizar espr\u00e1is, geles, espumas u otros productos para el pelo desde el primer d\u00eda?<\/span>\n\n                            \n                                <div class=\"ekit_accordion_icon_group\">\n                                    <div class=\"ekit_accordion_normal_icon\">\n                                        <!-- Normal Icon -->\n\t\t\t\t\t\t\t\t\t\t<i class=\" las la-chevron-down\"><\/i>                                    <\/div>\n\n                                    <div class=\"ekit_accordion_active_icon\">\n                                        <!-- Active Icon -->\n\t\t\t\t\t\t\t\t\t\t<i class=\" las la-chevron-up\"><\/i>                                    <\/div>\n                                <\/div>\n\n                            \n                                                    <\/a>\n                    <\/div>\n\n                    <div id=\"Collapse-e43022169f32cf3d78c7\" class=\" collapse\" aria-labelledby=\"primaryHeading-3-6252a4ac\" data-parent=\"#accordion-69f32cf3d78c7\">\n\n                        <div class=\"elementskit-card-body ekit-accordion--content\">\n                            <p>S\u00ed, puedes utilizar estos productos sin ning\u00fan problema.<\/p>\n                        <\/div>\n\n                    <\/div>\n\n                <\/div><!-- .elementskit-card END -->\n\n                \n                <div class=\"elementskit-card \">\n                    <div class=\"elementskit-card-header\" id=\"primaryHeading-4-6252a4ac\">\n                        <a href=\"#collapse-2b2278669f32cf3d78c7\" class=\"ekit-accordion--toggler elementskit-btn-link collapsed\" data-ekit-toggle=\"collapse\" data-target=\"#Collapse-2b2278669f32cf3d78c7\" aria-expanded=\"false\" aria-controls=\"Collapse-2b2278669f32cf3d78c7\">\n                            \n                            <span class=\"ekit-accordion-title\">\u00bfPuedo te\u00f1irme el pelo antes del tratamiento?<\/span>\n\n                            \n                                <div class=\"ekit_accordion_icon_group\">\n                                    <div class=\"ekit_accordion_normal_icon\">\n                                        <!-- Normal Icon -->\n\t\t\t\t\t\t\t\t\t\t<i class=\" las la-chevron-down\"><\/i>                                    <\/div>\n\n                                    <div class=\"ekit_accordion_active_icon\">\n                                        <!-- Active Icon -->\n\t\t\t\t\t\t\t\t\t\t<i class=\" las la-chevron-up\"><\/i>                                    <\/div>\n                                <\/div>\n\n                            \n                                                    <\/a>\n                    <\/div>\n\n                    <div id=\"Collapse-2b2278669f32cf3d78c7\" class=\" collapse\" aria-labelledby=\"primaryHeading-4-6252a4ac\" data-parent=\"#accordion-69f32cf3d78c7\">\n\n                        <div class=\"elementskit-card-body ekit-accordion--content\">\n                            <\/p>\n<p>S\u00ed, aunque te recordamos que la <strong>acci\u00f3n alcalinizante<\/strong> del <strong>Protein Preparing Shampoo<\/strong> y el uso de las planchas, un paso necesario para el tratamiento, pueden alterar el acabado del color. Por este motivo, te recomendamos realizar primero el tratamiento y te\u00f1irte el pelo transcurridos 7 d\u00edas. <\/p>\n                        <\/div>\n\n                    <\/div>\n\n                <\/div><!-- .elementskit-card END -->\n\n                \n                <div class=\"elementskit-card \">\n                    <div class=\"elementskit-card-header\" id=\"primaryHeading-5-6252a4ac\">\n                        <a href=\"#collapse-6047f2a69f32cf3d78c7\" class=\"ekit-accordion--toggler elementskit-btn-link collapsed\" data-ekit-toggle=\"collapse\" data-target=\"#Collapse-6047f2a69f32cf3d78c7\" aria-expanded=\"false\" aria-controls=\"Collapse-6047f2a69f32cf3d78c7\">\n                            \n                            <span class=\"ekit-accordion-title\">\u00bfPuedo decolorar el pelo despu\u00e9s del tratamiento?<\/span>\n\n                            \n                                <div class=\"ekit_accordion_icon_group\">\n                                    <div class=\"ekit_accordion_normal_icon\">\n                                        <!-- Normal Icon -->\n\t\t\t\t\t\t\t\t\t\t<i class=\" las la-chevron-down\"><\/i>                                    <\/div>\n\n                                    <div class=\"ekit_accordion_active_icon\">\n                                        <!-- Active Icon -->\n\t\t\t\t\t\t\t\t\t\t<i class=\" las la-chevron-up\"><\/i>                                    <\/div>\n                                <\/div>\n\n                            \n                                                    <\/a>\n                    <\/div>\n\n                    <div id=\"Collapse-6047f2a69f32cf3d78c7\" class=\" collapse\" aria-labelledby=\"primaryHeading-5-6252a4ac\" data-parent=\"#accordion-69f32cf3d78c7\">\n\n                        <div class=\"elementskit-card-body ekit-accordion--content\">\n                            <p>S\u00ed, pero ten en cuenta que la decoloraci\u00f3n puede da\u00f1ar la pel\u00edcula protectora creada por Lenis y reducir su duraci\u00f3n. Por este motivo, te recomendamos hacer tratamientos de aclarado antes del tratamiento. <\/p>\n                        <\/div>\n\n                    <\/div>\n\n                <\/div><!-- .elementskit-card END -->\n\n                \n                <div class=\"elementskit-card \">\n                    <div class=\"elementskit-card-header\" id=\"primaryHeading-6-6252a4ac\">\n                        <a href=\"#collapse-7f8bb2169f32cf3d78c7\" class=\"ekit-accordion--toggler elementskit-btn-link collapsed\" data-ekit-toggle=\"collapse\" data-target=\"#Collapse-7f8bb2169f32cf3d78c7\" aria-expanded=\"false\" aria-controls=\"Collapse-7f8bb2169f32cf3d78c7\">\n                            \n                            <span class=\"ekit-accordion-title\">\u00bfSe puede hacer el tratamiento de nanoplastia en cabellos sometidos a tratamientos qu\u00edmicos anteriormente?<\/span>\n\n                            \n                                <div class=\"ekit_accordion_icon_group\">\n                                    <div class=\"ekit_accordion_normal_icon\">\n                                        <!-- Normal Icon -->\n\t\t\t\t\t\t\t\t\t\t<i class=\" las la-chevron-down\"><\/i>                                    <\/div>\n\n                                    <div class=\"ekit_accordion_active_icon\">\n                                        <!-- Active Icon -->\n\t\t\t\t\t\t\t\t\t\t<i class=\" las la-chevron-up\"><\/i>                                    <\/div>\n                                <\/div>\n\n                            \n                                                    <\/a>\n                    <\/div>\n\n                    <div id=\"Collapse-7f8bb2169f32cf3d78c7\" class=\" collapse\" aria-labelledby=\"primaryHeading-6-6252a4ac\" data-parent=\"#accordion-69f32cf3d78c7\">\n\n                        <div class=\"elementskit-card-body ekit-accordion--content\">\n                            <p>S\u00ed, el tratamiento se puede hacer en todo tipo de cabellos. Sin embargo, si el cabello est\u00e1 especialmente sensible o da\u00f1ado debido a tratamientos qu\u00edmicos, es importante hacer un diagn\u00f3stico para valorar su resistencia.\u2028Aunque el propio tratamiento no es agresivo, pasar la plancha a alta temperatura puede causar estr\u00e9s en un cabello muy da\u00f1ado. En este caso, se recomienda hacer una o varias reconstrucciones con queratina antes de hacer el tratamiento.<\/p>\n                        <\/div>\n\n                    <\/div>\n\n                <\/div><!-- .elementskit-card END -->\n\n                \n                <div class=\"elementskit-card \">\n                    <div class=\"elementskit-card-header\" id=\"primaryHeading-7-6252a4ac\">\n                        <a href=\"#collapse-73b1f5569f32cf3d78c7\" class=\"ekit-accordion--toggler elementskit-btn-link collapsed\" data-ekit-toggle=\"collapse\" data-target=\"#Collapse-73b1f5569f32cf3d78c7\" aria-expanded=\"false\" aria-controls=\"Collapse-73b1f5569f32cf3d78c7\">\n                            \n                            <span class=\"ekit-accordion-title\">\u00bfSe puede hacer el tratamiento en cabellos con alisado o permanente?<\/span>\n\n                            \n                                <div class=\"ekit_accordion_icon_group\">\n                                    <div class=\"ekit_accordion_normal_icon\">\n                                        <!-- Normal Icon -->\n\t\t\t\t\t\t\t\t\t\t<i class=\" las la-chevron-down\"><\/i>                                    <\/div>\n\n                                    <div class=\"ekit_accordion_active_icon\">\n                                        <!-- Active Icon -->\n\t\t\t\t\t\t\t\t\t\t<i class=\" las la-chevron-up\"><\/i>                                    <\/div>\n                                <\/div>\n\n                            \n                                                    <\/a>\n                    <\/div>\n\n                    <div id=\"Collapse-73b1f5569f32cf3d78c7\" class=\" collapse\" aria-labelledby=\"primaryHeading-7-6252a4ac\" data-parent=\"#accordion-69f32cf3d78c7\">\n\n                        <div class=\"elementskit-card-body ekit-accordion--content\">\n                            <p>Despu\u00e9s de tratamientos qu\u00edmicos que alteran la estructura del cabello, como m\u00ednimo se debe esperar un mes antes de hacer el tratamiento Lenis.<\/p>\n                        <\/div>\n\n                    <\/div>\n\n                <\/div><!-- .elementskit-card END -->\n\n                \n                <div class=\"elementskit-card \">\n                    <div class=\"elementskit-card-header\" id=\"primaryHeading-8-6252a4ac\">\n                        <a href=\"#collapse-d2119cb69f32cf3d78c7\" class=\"ekit-accordion--toggler elementskit-btn-link collapsed\" data-ekit-toggle=\"collapse\" data-target=\"#Collapse-d2119cb69f32cf3d78c7\" aria-expanded=\"false\" aria-controls=\"Collapse-d2119cb69f32cf3d78c7\">\n                            \n                            <span class=\"ekit-accordion-title\">\u00bfSe puede hacer el tratamiento en cabellos naturales?<\/span>\n\n                            \n                                <div class=\"ekit_accordion_icon_group\">\n                                    <div class=\"ekit_accordion_normal_icon\">\n                                        <!-- Normal Icon -->\n\t\t\t\t\t\t\t\t\t\t<i class=\" las la-chevron-down\"><\/i>                                    <\/div>\n\n                                    <div class=\"ekit_accordion_active_icon\">\n                                        <!-- Active Icon -->\n\t\t\t\t\t\t\t\t\t\t<i class=\" las la-chevron-up\"><\/i>                                    <\/div>\n                                <\/div>\n\n                            \n                                                    <\/a>\n                    <\/div>\n\n                    <div id=\"Collapse-d2119cb69f32cf3d78c7\" class=\" collapse\" aria-labelledby=\"primaryHeading-8-6252a4ac\" data-parent=\"#accordion-69f32cf3d78c7\">\n\n                        <div class=\"elementskit-card-body ekit-accordion--content\">\n                            <p>S\u00ed, el tratamiento es perfecto para cabellos naturales. En este caso, el cabello no sufrir\u00e1 ninguna decoloraci\u00f3n. <\/p>\n                        <\/div>\n\n                    <\/div>\n\n                <\/div><!-- .elementskit-card END -->\n\n                \n                <div class=\"elementskit-card \">\n                    <div class=\"elementskit-card-header\" id=\"primaryHeading-9-6252a4ac\">\n                        <a href=\"#collapse-9c9433069f32cf3d78c7\" class=\"ekit-accordion--toggler elementskit-btn-link collapsed\" data-ekit-toggle=\"collapse\" data-target=\"#Collapse-9c9433069f32cf3d78c7\" aria-expanded=\"false\" aria-controls=\"Collapse-9c9433069f32cf3d78c7\">\n                            \n                            <span class=\"ekit-accordion-title\">\u00bfCu\u00e1nto dura el tratamiento alisador?<\/span>\n\n                            \n                                <div class=\"ekit_accordion_icon_group\">\n                                    <div class=\"ekit_accordion_normal_icon\">\n                                        <!-- Normal Icon -->\n\t\t\t\t\t\t\t\t\t\t<i class=\" las la-chevron-down\"><\/i>                                    <\/div>\n\n                                    <div class=\"ekit_accordion_active_icon\">\n                                        <!-- Active Icon -->\n\t\t\t\t\t\t\t\t\t\t<i class=\" las la-chevron-up\"><\/i>                                    <\/div>\n                                <\/div>\n\n                            \n                                                    <\/a>\n                    <\/div>\n\n                    <div id=\"Collapse-9c9433069f32cf3d78c7\" class=\" collapse\" aria-labelledby=\"primaryHeading-9-6252a4ac\" data-parent=\"#accordion-69f32cf3d78c7\">\n\n                        <div class=\"elementskit-card-body ekit-accordion--content\">\n                            <p>Generalmente, el tratamiento dura entre 3 y 4 meses. La duraci\u00f3n tambi\u00e9n depende del uso de productos de mantenimiento recomendados. Los factores externos, como la exposici\u00f3n al cloro de la piscina o al salitre del mar pueden reducir la duraci\u00f3n del tratamiento.  <\/p>\n                        <\/div>\n\n                    <\/div>\n\n                <\/div><!-- .elementskit-card END -->\n\n                \n                <div class=\"elementskit-card \">\n                    <div class=\"elementskit-card-header\" id=\"primaryHeading-10-6252a4ac\">\n                        <a href=\"#collapse-2a798df69f32cf3d78c7\" class=\"ekit-accordion--toggler elementskit-btn-link collapsed\" data-ekit-toggle=\"collapse\" data-target=\"#Collapse-2a798df69f32cf3d78c7\" aria-expanded=\"false\" aria-controls=\"Collapse-2a798df69f32cf3d78c7\">\n                            \n                            <span class=\"ekit-accordion-title\">\u00bfSe puede hacer un secado con ondas despu\u00e9s del tratamiento?<\/span>\n\n                            \n                                <div class=\"ekit_accordion_icon_group\">\n                                    <div class=\"ekit_accordion_normal_icon\">\n                                        <!-- Normal Icon -->\n\t\t\t\t\t\t\t\t\t\t<i class=\" las la-chevron-down\"><\/i>                                    <\/div>\n\n                                    <div class=\"ekit_accordion_active_icon\">\n                                        <!-- Active Icon -->\n\t\t\t\t\t\t\t\t\t\t<i class=\" las la-chevron-up\"><\/i>                                    <\/div>\n                                <\/div>\n\n                            \n                                                    <\/a>\n                    <\/div>\n\n                    <div id=\"Collapse-2a798df69f32cf3d78c7\" class=\" collapse\" aria-labelledby=\"primaryHeading-10-6252a4ac\" data-parent=\"#accordion-69f32cf3d78c7\">\n\n                        <div class=\"elementskit-card-body ekit-accordion--content\">\n                            <p>S\u00ed, puedes hacer un secado con ondas sin ning\u00fan problema. En el siguiente lavado, el cabello volver\u00e1 a estar liso. <\/p>\n                        <\/div>\n\n                    <\/div>\n\n                <\/div><!-- .elementskit-card END -->\n\n                \n                <div class=\"elementskit-card \">\n                    <div class=\"elementskit-card-header\" id=\"primaryHeading-11-6252a4ac\">\n                        <a href=\"#collapse-4ac776b69f32cf3d78c7\" class=\"ekit-accordion--toggler elementskit-btn-link collapsed\" data-ekit-toggle=\"collapse\" data-target=\"#Collapse-4ac776b69f32cf3d78c7\" aria-expanded=\"false\" aria-controls=\"Collapse-4ac776b69f32cf3d78c7\">\n                            \n                            <span class=\"ekit-accordion-title\">\u00bfPuedo repetir el tratamiento solo en algunas partes o se debe hacer en toda la melena?<\/span>\n\n                            \n                                <div class=\"ekit_accordion_icon_group\">\n                                    <div class=\"ekit_accordion_normal_icon\">\n                                        <!-- Normal Icon -->\n\t\t\t\t\t\t\t\t\t\t<i class=\" las la-chevron-down\"><\/i>                                    <\/div>\n\n                                    <div class=\"ekit_accordion_active_icon\">\n                                        <!-- Active Icon -->\n\t\t\t\t\t\t\t\t\t\t<i class=\" las la-chevron-up\"><\/i>                                    <\/div>\n                                <\/div>\n\n                            \n                                                    <\/a>\n                    <\/div>\n\n                    <div id=\"Collapse-4ac776b69f32cf3d78c7\" class=\" collapse\" aria-labelledby=\"primaryHeading-11-6252a4ac\" data-parent=\"#accordion-69f32cf3d78c7\">\n\n                        <div class=\"elementskit-card-body ekit-accordion--content\">\n                            <p>El tratamiento suele hacerse en toda la melena, ya que va desapareciendo gradualmente. Sin embargo, tambi\u00e9n puede aplicarse en zonas espec\u00edficas, como el flequillo si as\u00ed se prefiere. <\/p>\n                        <\/div>\n\n                    <\/div>\n\n                <\/div><!-- .elementskit-card END -->\n\n                \n                <div class=\"elementskit-card \">\n                    <div class=\"elementskit-card-header\" id=\"primaryHeading-12-6252a4ac\">\n                        <a href=\"#collapse-c49710269f32cf3d78c7\" class=\"ekit-accordion--toggler elementskit-btn-link collapsed\" data-ekit-toggle=\"collapse\" data-target=\"#Collapse-c49710269f32cf3d78c7\" aria-expanded=\"false\" aria-controls=\"Collapse-c49710269f32cf3d78c7\">\n                            \n                            <span class=\"ekit-accordion-title\">Despu\u00e9s del tratamiento, el cabello tiene un aspecto opaco o polvoriento. \u00bfQu\u00e9 error he cometido? <\/span>\n\n                            \n                                <div class=\"ekit_accordion_icon_group\">\n                                    <div class=\"ekit_accordion_normal_icon\">\n                                        <!-- Normal Icon -->\n\t\t\t\t\t\t\t\t\t\t<i class=\" las la-chevron-down\"><\/i>                                    <\/div>\n\n                                    <div class=\"ekit_accordion_active_icon\">\n                                        <!-- Active Icon -->\n\t\t\t\t\t\t\t\t\t\t<i class=\" las la-chevron-up\"><\/i>                                    <\/div>\n                                <\/div>\n\n                            \n                                                    <\/a>\n                    <\/div>\n\n                    <div id=\"Collapse-c49710269f32cf3d78c7\" class=\" collapse\" aria-labelledby=\"primaryHeading-12-6252a4ac\" data-parent=\"#accordion-69f32cf3d78c7\">\n\n                        <div class=\"elementskit-card-body ekit-accordion--content\">\n                            <p>Si el cabello no tiene un aspecto brillante y sedoso, probablemente la plancha no estaba lo suficientemente caliente durante el tratamiento. El aspecto opaco o encrespado indica que los activos del tratamiento no se han activado correctamente. Para evitarlo, es importante comprobar la temperatura de los instrumentos antes de utilizarlos.  <\/p>\n                        <\/div>\n\n                    <\/div>\n\n                <\/div><!-- .elementskit-card END -->\n\n                \n                <div class=\"elementskit-card \">\n                    <div class=\"elementskit-card-header\" id=\"primaryHeading-13-6252a4ac\">\n                        <a href=\"#collapse-ddf0a8d69f32cf3d78c7\" class=\"ekit-accordion--toggler elementskit-btn-link collapsed\" data-ekit-toggle=\"collapse\" data-target=\"#Collapse-ddf0a8d69f32cf3d78c7\" aria-expanded=\"false\" aria-controls=\"Collapse-ddf0a8d69f32cf3d78c7\">\n                            \n                            <span class=\"ekit-accordion-title\">El d\u00eda del tratamiento, al pasar la plancha, el cabello se ha aclarado mucho. \u00bfEs normal? <\/span>\n\n                            \n                                <div class=\"ekit_accordion_icon_group\">\n                                    <div class=\"ekit_accordion_normal_icon\">\n                                        <!-- Normal Icon -->\n\t\t\t\t\t\t\t\t\t\t<i class=\" las la-chevron-down\"><\/i>                                    <\/div>\n\n                                    <div class=\"ekit_accordion_active_icon\">\n                                        <!-- Active Icon -->\n\t\t\t\t\t\t\t\t\t\t<i class=\" las la-chevron-up\"><\/i>                                    <\/div>\n                                <\/div>\n\n                            \n                                                    <\/a>\n                    <\/div>\n\n                    <div id=\"Collapse-ddf0a8d69f32cf3d78c7\" class=\" collapse\" aria-labelledby=\"primaryHeading-13-6252a4ac\" data-parent=\"#accordion-69f32cf3d78c7\">\n\n                        <div class=\"elementskit-card-body ekit-accordion--content\">\n                            <p>El tratamiento Lenis puede aclarar el cabello medio tono o un tono. Si observas un aclarado excesivo durante el alisado, es posible que la temperatura de la plancha sea demasiado alta. Te recomendamos bajar la temperatura (y recuerda que el tratamiento no se activa a temperaturas inferiores a 180 \u00b0C-200 \u00baC).  <\/p>\n                        <\/div>\n\n                    <\/div>\n\n                <\/div><!-- .elementskit-card END -->\n\n                \n                <div class=\"elementskit-card \">\n                    <div class=\"elementskit-card-header\" id=\"primaryHeading-14-6252a4ac\">\n                        <a href=\"#collapse-c9511d969f32cf3d78c7\" class=\"ekit-accordion--toggler elementskit-btn-link collapsed\" data-ekit-toggle=\"collapse\" data-target=\"#Collapse-c9511d969f32cf3d78c7\" aria-expanded=\"false\" aria-controls=\"Collapse-c9511d969f32cf3d78c7\">\n                            \n                            <span class=\"ekit-accordion-title\">\u00bfSe puede hacer el tratamiento en cabello decolorado?<\/span>\n\n                            \n                                <div class=\"ekit_accordion_icon_group\">\n                                    <div class=\"ekit_accordion_normal_icon\">\n                                        <!-- Normal Icon -->\n\t\t\t\t\t\t\t\t\t\t<i class=\" las la-chevron-down\"><\/i>                                    <\/div>\n\n                                    <div class=\"ekit_accordion_active_icon\">\n                                        <!-- Active Icon -->\n\t\t\t\t\t\t\t\t\t\t<i class=\" las la-chevron-up\"><\/i>                                    <\/div>\n                                <\/div>\n\n                            \n                                                    <\/a>\n                    <\/div>\n\n                    <div id=\"Collapse-c9511d969f32cf3d78c7\" class=\" collapse\" aria-labelledby=\"primaryHeading-14-6252a4ac\" data-parent=\"#accordion-69f32cf3d78c7\">\n\n                        <div class=\"elementskit-card-body ekit-accordion--content\">\n                            <p>S\u00ed, pero debes hacer un diagn\u00f3stico preciso antes del tratamiento para valorar la resistencia del cabello. Los pasos obligatorios con la plancha a alta temperatura para hacer el tratamiento pueden causar estr\u00e9s en cabellos especialmente fr\u00e1giles. <\/p>\n                        <\/div>\n\n                    <\/div>\n\n                <\/div><!-- .elementskit-card END -->\n\n                \n                <div class=\"elementskit-card \">\n                    <div class=\"elementskit-card-header\" id=\"primaryHeading-15-6252a4ac\">\n                        <a href=\"#collapse-824594569f32cf3d78c7\" class=\"ekit-accordion--toggler elementskit-btn-link collapsed\" data-ekit-toggle=\"collapse\" data-target=\"#Collapse-824594569f32cf3d78c7\" aria-expanded=\"false\" aria-controls=\"Collapse-824594569f32cf3d78c7\">\n                            \n                            <span class=\"ekit-accordion-title\">\u00bfPuedo utilizar cualquier plancha para el tratamiento?<\/span>\n\n                            \n                                <div class=\"ekit_accordion_icon_group\">\n                                    <div class=\"ekit_accordion_normal_icon\">\n                                        <!-- Normal Icon -->\n\t\t\t\t\t\t\t\t\t\t<i class=\" las la-chevron-down\"><\/i>                                    <\/div>\n\n                                    <div class=\"ekit_accordion_active_icon\">\n                                        <!-- Active Icon -->\n\t\t\t\t\t\t\t\t\t\t<i class=\" las la-chevron-up\"><\/i>                                    <\/div>\n                                <\/div>\n\n                            \n                                                    <\/a>\n                    <\/div>\n\n                    <div id=\"Collapse-824594569f32cf3d78c7\" class=\" collapse\" aria-labelledby=\"primaryHeading-15-6252a4ac\" data-parent=\"#accordion-69f32cf3d78c7\">\n\n                        <div class=\"elementskit-card-body ekit-accordion--content\">\n                            <p>No, debes utilizar una plancha con regulador manual de temperatura (entre 180 \u00b0C y 240 \u00b0C). Las planchas a vapor o con regulador autom\u00e1tico de temperatura no son aptas para el tratamiento. <\/p>\n                        <\/div>\n\n                    <\/div>\n\n                <\/div><!-- .elementskit-card END -->\n\n                                        <\/div>\n    <\/div>\t\t\t\t<\/div>\n\t\t\t\t<\/div>\n\t\t\t\t<div class=\"elementor-element elementor-element-5cf90ec elementor-widget elementor-widget-spacer\" data-id=\"5cf90ec\" data-element_type=\"widget\" data-widget_type=\"spacer.default\">\n\t\t\t\t<div class=\"elementor-widget-container\">\n\t\t\t\t\t\t\t<div class=\"elementor-spacer\">\n\t\t\t<div class=\"elementor-spacer-inner\"><\/div>\n\t\t<\/div>\n\t\t\t\t\t\t<\/div>\n\t\t\t\t<\/div>\n\t\t\t\t<div class=\"elementor-element elementor-element-19e7e4f elementor-widget elementor-widget-text-editor\" data-id=\"19e7e4f\" data-element_type=\"widget\" data-widget_type=\"text-editor.default\">\n\t\t\t\t<div class=\"elementor-widget-container\">\n\t\t\t\t\t\t\t\t\t<h5>Si tienes alguna otra pregunta, no dudes en ponerte en <a href=\"https:\/\/esthesia.it\/es\/contactos\/\">contacto<\/a> con nosotros.<br \/>\u00a1Estaremos encantados de ayudarte!<\/h5>\n\t\t\t\t\t\t\t\t<\/div>\n\t\t\t\t<\/div>\n\t\t\t\t\t<\/div>\n\t\t<\/div>\n\t\t\t\t<div class=\"elementor-column elementor-col-33 elementor-top-column elementor-element elementor-element-45b228e1\" data-id=\"45b228e1\" data-element_type=\"column\">\n\t\t\t<div class=\"elementor-widget-wrap elementor-element-populated\">\n\t\t\t\t\t\t<div class=\"elementor-element elementor-element-3eee4ec elementor-widget elementor-widget-image\" data-id=\"3eee4ec\" data-element_type=\"widget\" data-widget_type=\"image.default\">\n\t\t\t\t<div class=\"elementor-widget-container\">\n\t\t\t\t\t\t\t\t\t\t\t\t\t\t\t<img fetchpriority=\"high\" decoding=\"async\" width=\"667\" height=\"1000\" src=\"https:\/\/esthesia.it\/wp-content\/uploads\/2024\/10\/368.jpg\" class=\"attachment-large size-large wp-image-1261\" alt=\"\" srcset=\"https:\/\/esthesia.it\/wp-content\/uploads\/2024\/10\/368.jpg 667w, https:\/\/esthesia.it\/wp-content\/uploads\/2024\/10\/368-200x300.jpg 200w\" sizes=\"(max-width: 667px) 100vw, 667px\" \/>\t\t\t\t\t\t\t\t\t\t\t\t\t\t\t<\/div>\n\t\t\t\t<\/div>\n\t\t\t\t\t<\/div>\n\t\t<\/div>\n\t\t\t\t\t<\/div>\n\t\t<\/section>\n\t\t\t\t<section class=\"elementor-section elementor-top-section elementor-element elementor-element-27a2e52f elementor-section-boxed elementor-section-height-default elementor-section-height-default\" data-id=\"27a2e52f\" data-element_type=\"section\" data-settings=\"{&quot;background_background&quot;:&quot;classic&quot;}\">\n\t\t\t\t\t\t\t<div class=\"elementor-background-overlay\"><\/div>\n\t\t\t\t\t\t\t<div class=\"elementor-container elementor-column-gap-default\">\n\t\t\t\t\t<div class=\"elementor-column elementor-col-100 elementor-top-column elementor-element elementor-element-3dc2098d\" data-id=\"3dc2098d\" data-element_type=\"column\">\n\t\t\t<div class=\"elementor-widget-wrap elementor-element-populated\">\n\t\t\t\t\t\t<section class=\"elementor-section elementor-inner-section elementor-element elementor-element-d4e8886 elementor-section-boxed elementor-section-height-default elementor-section-height-default elementor-invisible\" data-id=\"d4e8886\" data-element_type=\"section\" data-settings=\"{&quot;animation&quot;:&quot;fadeIn&quot;,&quot;animation_delay&quot;:200}\">\n\t\t\t\t\t\t<div class=\"elementor-container elementor-column-gap-default\">\n\t\t\t\t\t<div class=\"elementor-column elementor-col-100 elementor-inner-column elementor-element elementor-element-77318f3\" data-id=\"77318f3\" data-element_type=\"column\">\n\t\t\t<div class=\"elementor-widget-wrap elementor-element-populated\">\n\t\t\t\t\t\t<div class=\"elementor-element elementor-element-65a68dc elementor-align-center elementor-widget elementor-widget-button\" data-id=\"65a68dc\" data-element_type=\"widget\" data-widget_type=\"button.default\">\n\t\t\t\t<div class=\"elementor-widget-container\">\n\t\t\t\t\t\t\t\t\t<div class=\"elementor-button-wrapper\">\n\t\t\t\t\t<a class=\"elementor-button elementor-button-link elementor-size-sm\" href=\"https:\/\/esthesia.it\/es\/absolute-lenis\/\">\n\t\t\t\t\t\t<span class=\"elementor-button-content-wrapper\">\n\t\t\t\t\t\t<span class=\"elementor-button-icon\">\n\t\t\t\t<i aria-hidden=\"true\" class=\" arrow_right\"><\/i>\t\t\t<\/span>\n\t\t\t\t\t\t\t\t\t<span class=\"elementor-button-text\">Ir a productos<\/span>\n\t\t\t\t\t<\/span>\n\t\t\t\t\t<\/a>\n\t\t\t\t<\/div>\n\t\t\t\t\t\t\t\t<\/div>\n\t\t\t\t<\/div>\n\t\t\t\t\t<\/div>\n\t\t<\/div>\n\t\t\t\t\t<\/div>\n\t\t<\/section>\n\t\t\t\t\t<\/div>\n\t\t<\/div>\n\t\t\t\t\t<\/div>\n\t\t<\/section>\n\t\t\t\t<\/div>\n\t\t","protected":false},"excerpt":{"rendered":"<p>Preguntas frecuentes \u00bfPuedo lavarme el pelo despu\u00e9s del tratamiento? \u00bfCu\u00e1ndo? Te recomendamos esperar como m\u00ednimo 2 d\u00edas antes de mojar el pelo. Durante este tiempo, la pel\u00edcula protectora que se crea alrededor del cabello a\u00fan no est\u00e1 completamente estable y un lavado antes de tiempo podr\u00eda reducir la duraci\u00f3n del tratamiento. Al final del Protein [&hellip;]<\/p>\n","protected":false},"author":1,"featured_media":0,"parent":0,"menu_order":0,"comment_status":"closed","ping_status":"closed","template":"elementor_header_footer","meta":{"footnotes":""},"class_list":["post-2088","page","type-page","status-publish","hentry"],"_links":{"self":[{"href":"https:\/\/esthesia.it\/es\/wp-json\/wp\/v2\/pages\/2088","targetHints":{"allow":["GET"]}}],"collection":[{"href":"https:\/\/esthesia.it\/es\/wp-json\/wp\/v2\/pages"}],"about":[{"href":"https:\/\/esthesia.it\/es\/wp-json\/wp\/v2\/types\/page"}],"author":[{"embeddable":true,"href":"https:\/\/esthesia.it\/es\/wp-json\/wp\/v2\/users\/1"}],"replies":[{"embeddable":true,"href":"https:\/\/esthesia.it\/es\/wp-json\/wp\/v2\/comments?post=2088"}],"version-history":[{"count":5,"href":"https:\/\/esthesia.it\/es\/wp-json\/wp\/v2\/pages\/2088\/revisions"}],"predecessor-version":[{"id":2118,"href":"https:\/\/esthesia.it\/es\/wp-json\/wp\/v2\/pages\/2088\/revisions\/2118"}],"wp:attachment":[{"href":"https:\/\/esthesia.it\/es\/wp-json\/wp\/v2\/media?parent=2088"}],"curies":[{"name":"wp","href":"https:\/\/api.w.org\/{rel}","templated":true}]}}